{"id":21607,"date":"2024-08-15T12:46:06","date_gmt":"2024-08-15T10:46:06","guid":{"rendered":"https:\/\/staging.acent.de\/?page_id=21607"},"modified":"2025-01-06T15:16:12","modified_gmt":"2025-01-06T14:16:12","slug":"trendradar-rueckblick-2023","status":"publish","type":"page","link":"https:\/\/acent.de\/en\/trendradar-rueckblick-2023\/","title":{"rendered":"Trendradar R\u00fcckblick 2023"},"content":{"rendered":"\n\t\t\t<\/div>\n\t\t<\/div>\n\t<\/div>\n\n\t<div class=\"image-header-full-width\">\n\t\t\t<div class=\"header-image-full-width\">\n\t\t\t\t<div class=\"header-image-media\">\n\t\t\t\t\t<div id=\"wp-header-image\" class=\"wp-header-image\">\n\t\t\t\t\t\t<img decoding=\"async\" src=\"https:\/\/acent.de\/wp-content\/uploads\/2021\/10\/acent-trendradar-schmal-e1637306922756.jpg\" alt=\"\">\n\t\t\t\t\t\t<div class=\"opacity-mask\"><\/div>\n\t\t\t\t\t<\/div>\n\t\t\t\t<\/div>\n\t\t\t\t<div class=\"header-image-full-width-text\">\n\t\t\t\t\t<div class=\"container\">\n\t\t\t\t\t<h3>DIE ZUKUNFT DER IT<\/h3>\n<h1>Trendradar CIO<\/h1>\n\t\t\t\t\t<\/div>\n\t\t\t\t<\/div>\n\t\t\t<\/div>\n\t<\/div>\n\n\t\t\t<div class=\"container wrapper wrapper-after-image\">\n\t\t<div class=\"row\">\n\t\t<div class=\"col-sm-12\">\n\n\n<div style=\"height:30px\" aria-hidden=\"true\" class=\"wp-block-spacer\"><\/div>\n\n\n\n<div class=\"row \">\n\t<div class=\"col\">\n\t\t<div class=\"heading\">\n\t\t\t\n\n<h2 class=\"wp-block-heading\">ACENT Trendradar \u2013 R\u00fcckblick 2023<\/h2>\n\n\t\t<\/div>\n\t<\/div>\n<\/div>\n\n\n<p>Informationen f\u00fcr die kurzfristige Anpassung des Tagesgesch\u00e4ftes in Bereichen wie Unternehmensschwerpunkten, Technologien, Personal oder Kosten und Investitionen bietet nur das Trendradar CIO. An dieser Stelle finden Sie die Resultate der letzten Befragung (2023_01), die im Januar 2024 ver\u00f6ffentlicht wurde. Die detaillierten und branchenbezogenen Auswertungen wurden allen Teilnehmern zur Verf\u00fcgung gestellt.<\/p>\n\n\n\n<p><\/p>\n\n\n\n<div style=\"height:100px\" aria-hidden=\"true\" class=\"wp-block-spacer\"><\/div>\n\n\n\n<h4 class=\"wp-block-heading\">Auszug der Grafiken aus den Ergebnissen des Survey 2023-01 <\/h4>\n\n\n\n<h5 class=\"wp-block-heading has-text-align-center\">(Ver\u00f6ffentlichung: 01\/2024)<\/h5>\n\n\n\n<div style=\"height:30px\" aria-hidden=\"true\" class=\"wp-block-spacer\"><\/div>\n\n\n\n<\/div>\n<\/div>\n<\/div>\n<div class=\"container-fluid wrapper-490443178 color-wrapper-trendradar\" style=\"background-color:#e2e2e2;\">\n\n<div class=\"row\">\n\t\n\t\t\n\t\t\t\t\t\t\t\t\t\n<div class=\"container carousel-acent-inline\">\n<div id=\"carouselTrendradar-490443178\" class=\"carousel slide\" data-ride=\"carousel\" data-interval=\"4000\">\n  <ol class=\"carousel-indicators\">\n\t    \t<li data-target=\"#carouselTrendradar-490443178\" data-slide-to=\"0\"  class=\"active\"><\/li>\n\t  \t  \t  \t    \t<li data-target=\"#carouselTrendradar-490443178\" data-slide-to=\"1\" ><\/li>\n\t  \t  \t  \t    \t<li data-target=\"#carouselTrendradar-490443178\" data-slide-to=\"2\" ><\/li>\n\t  \t  \t  \t    \t<li data-target=\"#carouselTrendradar-490443178\" data-slide-to=\"3\" ><\/li>\n\t  \t  \t  \t    \t<li data-target=\"#carouselTrendradar-490443178\" data-slide-to=\"4\" ><\/li>\n\t  \t  \t  \t    \t<li data-target=\"#carouselTrendradar-490443178\" data-slide-to=\"5\" ><\/li>\n\t  \t  \t  \t    \t<li data-target=\"#carouselTrendradar-490443178\" data-slide-to=\"6\" ><\/li>\n\t  \t  \t  \t    \t<li data-target=\"#carouselTrendradar-490443178\" data-slide-to=\"7\" ><\/li>\n\t  \t  \t  \t  <\/ol>\n  <div class=\"carousel-inner\">\n\t\t\t<div class=\"carousel-item active\">\n\t\t\t<div class=\"row acent-carousel-inline\">\n\t\t\t\t<div class=\"col-lg-6\"><h3 class=\"pb-3\">Auszug der Grafiken aus den Ergebnissen des Survey 2023-01<\/h3>\n<p><a class=\"lb-acent\" href=\"https:\/\/acent.de\/wp-content\/uploads\/2024\/08\/Folie9-scaled-1.jpeg\"><img loading=\"lazy\" decoding=\"async\" width=\"600\" height=\"338\" class=\"alignnone wp-image-21657 size-medium\" src=\"https:\/\/acent.de\/wp-content\/uploads\/2024\/08\/Folie9-scaled-1-600x338.jpeg\" alt=\"\" srcset=\"https:\/\/acent.de\/wp-content\/uploads\/2024\/08\/Folie9-scaled-1-600x338.jpeg 600w, https:\/\/acent.de\/wp-content\/uploads\/2024\/08\/Folie9-scaled-1-1024x576.jpeg 1024w, https:\/\/acent.de\/wp-content\/uploads\/2024\/08\/Folie9-scaled-1-768x432.jpeg 768w, https:\/\/acent.de\/wp-content\/uploads\/2024\/08\/Folie9-scaled-1-1536x864.jpeg 1536w, https:\/\/acent.de\/wp-content\/uploads\/2024\/08\/Folie9-scaled-1-2048x1152.jpeg 2048w, https:\/\/acent.de\/wp-content\/uploads\/2024\/08\/Folie9-scaled-1-400x225.jpeg 400w\" sizes=\"auto, (max-width: 600px) 100vw, 600px\" \/><\/a><\/p>\n<\/div>  \n\t\t\t\t<div class=\"col-lg-6\"><h3 class=\"pt-4 pt-md-0\">Inhalte des Survey 2023-01<\/h3>\n<ul class=\"pt-2 pl-2 ml-2\">\n<li style=\"color: #999999;\"><span class=\"TextRun SCXW256578627 BCX0\" lang=\"DE\" xml:lang=\"DE\" data-contrast=\"none\"><span class=\"NormalTextRun SCXW256578627 BCX0\">Die wichtigsten Herausforderungen der IT<\/span><\/span><span class=\"EOP SCXW256578627 BCX0\" data-ccp-props=\"{&quot;201341983&quot;:0,&quot;335551550&quot;:1,&quot;335551620&quot;:1,&quot;335559740&quot;:276}\">\u00a0<\/span><\/li>\n<li style=\"color: #999999;\"><span style=\"color: #999999;\">Grundstimmung der CIOs und Rolle der IT<\/span><\/li>\n<li style=\"color: #999999;\"><span style=\"color: #999999;\"><span class=\"TextRun SCXW19397257 BCX0\" lang=\"DE\" xml:lang=\"DE\" data-contrast=\"none\"><span class=\"NormalTextRun SCXW19397257 BCX0\">Verlagerungen der IT in die Fachbereiche<\/span><\/span><span class=\"EOP SCXW19397257 BCX0\" data-ccp-props=\"{&quot;201341983&quot;:0,&quot;335551550&quot;:1,&quot;335551620&quot;:1,&quot;335559740&quot;:276}\">\u00a0<\/span><\/span><\/li>\n<li style=\"color: #999999;\"><span style=\"color: #999999;\">Kosten\/Ausgaben der IT<\/span><\/li>\n<li style=\"color: #999999;\"><span style=\"color: #999999;\">Einsatz interner \/ externer Fachkr\u00e4fte<\/span><\/li>\n<li style=\"color: #999999;\">Wachstum der Geh\u00e4lter und Tagess\u00e4tze<\/li>\n<li style=\"color: #999999;\"><span style=\"color: #999999;\">IT-Sicherheit in den Unternehmen<\/span><\/li>\n<li><span style=\"color: #000000;\"><strong>Wertsch\u00f6pfungstiefe und Sourcing in der IT<\/strong><\/span><\/li>\n<\/ul>\n<\/div>\n\t\t\t<\/div>\n\t\t<\/div>\n\t  \t  \t\t\t<div class=\"carousel-item\">\n\t\t\t<div class=\"row acent-carousel-inline\">\n\t\t\t\t<div class=\"col-lg-6\"><h3 class=\"pb-3\">Auszug der Grafiken aus den Ergebnissen des Survey 2023-01<\/h3>\n<p><a class=\"lb-acent\" href=\"https:\/\/acent.de\/wp-content\/uploads\/2024\/08\/Folie8-scaled.jpeg\"><img loading=\"lazy\" decoding=\"async\" width=\"600\" height=\"338\" class=\"alignnone wp-image-21655 size-medium\" src=\"https:\/\/acent.de\/wp-content\/uploads\/2024\/08\/Folie8-600x338.jpeg\" alt=\"\" srcset=\"https:\/\/acent.de\/wp-content\/uploads\/2024\/08\/Folie8-600x338.jpeg 600w, https:\/\/acent.de\/wp-content\/uploads\/2024\/08\/Folie8-1024x576.jpeg 1024w, https:\/\/acent.de\/wp-content\/uploads\/2024\/08\/Folie8-768x432.jpeg 768w, https:\/\/acent.de\/wp-content\/uploads\/2024\/08\/Folie8-1536x864.jpeg 1536w, https:\/\/acent.de\/wp-content\/uploads\/2024\/08\/Folie8-2048x1152.jpeg 2048w, https:\/\/acent.de\/wp-content\/uploads\/2024\/08\/Folie8-400x225.jpeg 400w\" sizes=\"auto, (max-width: 600px) 100vw, 600px\" \/><\/a><\/p>\n<\/div>  \n\t\t\t\t<div class=\"col-lg-6\"><h3 class=\"pt-4 pt-md-0\">Inhalte des Survey 2023-01<\/h3>\n<ul class=\"pt-2 pl-2 ml-2\">\n<li style=\"color: #999999;\"><span class=\"TextRun SCXW256578627 BCX0\" lang=\"DE\" xml:lang=\"DE\" data-contrast=\"none\"><span class=\"NormalTextRun SCXW256578627 BCX0\">Die wichtigsten Herausforderungen der IT<\/span><\/span><span class=\"EOP SCXW256578627 BCX0\" data-ccp-props=\"{&quot;201341983&quot;:0,&quot;335551550&quot;:1,&quot;335551620&quot;:1,&quot;335559740&quot;:276}\">\u00a0<\/span><\/li>\n<li style=\"color: #999999;\"><span style=\"color: #999999;\">Grundstimmung der CIOs und Rolle der IT<\/span><\/li>\n<li style=\"color: #999999;\"><span style=\"color: #999999;\"><span class=\"TextRun SCXW19397257 BCX0\" lang=\"DE\" xml:lang=\"DE\" data-contrast=\"none\"><span class=\"NormalTextRun SCXW19397257 BCX0\">Verlagerungen der IT in die Fachbereiche<\/span><\/span><span class=\"EOP SCXW19397257 BCX0\" data-ccp-props=\"{&quot;201341983&quot;:0,&quot;335551550&quot;:1,&quot;335551620&quot;:1,&quot;335559740&quot;:276}\">\u00a0<\/span><\/span><\/li>\n<li style=\"color: #999999;\"><span style=\"color: #999999;\">Kosten\/Ausgaben der IT<\/span><\/li>\n<li style=\"color: #999999;\"><span style=\"color: #999999;\">Einsatz interner \/ externer Fachkr\u00e4fte<\/span><\/li>\n<li style=\"color: #999999;\">Wachstum der Geh\u00e4lter und Tagess\u00e4tze<\/li>\n<li><span style=\"color: #000000;\"><strong>IT-Sicherheit in den Unternehmen<\/strong><\/span><\/li>\n<li style=\"color: #999999;\"><span style=\"color: #999999;\">Wertsch\u00f6pfungstiefe und Sourcing in der IT<\/span><\/li>\n<\/ul>\n<\/div>\n\t\t\t<\/div>\n\t\t<\/div>\n\t  \t  \t\t\t<div class=\"carousel-item\">\n\t\t\t<div class=\"row acent-carousel-inline\">\n\t\t\t\t<div class=\"col-lg-6\"><h3 class=\"pb-3\">Auszug der Grafiken aus den Ergebnissen des Survey 2023-01<\/h3>\n<p><a class=\"lb-acent\" href=\"https:\/\/acent.de\/wp-content\/uploads\/2024\/08\/Folie6_2.jpeg\"><img loading=\"lazy\" decoding=\"async\" width=\"600\" height=\"313\" class=\"alignnone wp-image-21652 size-medium\" src=\"https:\/\/acent.de\/wp-content\/uploads\/2024\/08\/Folie6_2-600x313.jpeg\" alt=\"\" srcset=\"https:\/\/acent.de\/wp-content\/uploads\/2024\/08\/Folie6_2-600x313.jpeg 600w, https:\/\/acent.de\/wp-content\/uploads\/2024\/08\/Folie6_2-1024x535.jpeg 1024w, https:\/\/acent.de\/wp-content\/uploads\/2024\/08\/Folie6_2-768x401.jpeg 768w, https:\/\/acent.de\/wp-content\/uploads\/2024\/08\/Folie6_2-1536x802.jpeg 1536w, https:\/\/acent.de\/wp-content\/uploads\/2024\/08\/Folie6_2-2048x1070.jpeg 2048w, https:\/\/acent.de\/wp-content\/uploads\/2024\/08\/Folie6_2-400x209.jpeg 400w\" sizes=\"auto, (max-width: 600px) 100vw, 600px\" \/><\/a><\/p>\n<\/div>  \n\t\t\t\t<div class=\"col-lg-6\"><h3 class=\"pt-4 pt-md-0\">Inhalte des Survey 2023-01<\/h3>\n<ul class=\"pt-2 pl-2 ml-2\">\n<li style=\"color: #999999;\"><span class=\"TextRun SCXW256578627 BCX0\" lang=\"DE\" xml:lang=\"DE\" data-contrast=\"none\"><span class=\"NormalTextRun SCXW256578627 BCX0\">Die wichtigsten Herausforderungen der IT<\/span><\/span><span class=\"EOP SCXW256578627 BCX0\" data-ccp-props=\"{&quot;201341983&quot;:0,&quot;335551550&quot;:1,&quot;335551620&quot;:1,&quot;335559740&quot;:276}\">\u00a0<\/span><\/li>\n<li style=\"color: #999999;\"><span style=\"color: #999999;\">Grundstimmung der CIOs und Rolle der IT<\/span><\/li>\n<li style=\"color: #999999;\"><span style=\"color: #999999;\"><span class=\"TextRun SCXW19397257 BCX0\" lang=\"DE\" xml:lang=\"DE\" data-contrast=\"none\"><span class=\"NormalTextRun SCXW19397257 BCX0\">Verlagerungen der IT in die Fachbereiche<\/span><\/span><span class=\"EOP SCXW19397257 BCX0\" data-ccp-props=\"{&quot;201341983&quot;:0,&quot;335551550&quot;:1,&quot;335551620&quot;:1,&quot;335559740&quot;:276}\">\u00a0<\/span><\/span><\/li>\n<li style=\"color: #999999;\"><span style=\"color: #999999;\">Kosten\/Ausgaben der IT<\/span><\/li>\n<li style=\"color: #999999;\"><span style=\"color: #999999;\">Einsatz interner \/ externer Fachkr\u00e4fte<\/span><\/li>\n<li><strong>Wachstum der Geh\u00e4lter und Tagess\u00e4tze<\/strong><\/li>\n<li style=\"color: #999999;\"><span style=\"color: #999999;\">IT-Sicherheit in den Unternehmen<\/span><\/li>\n<li style=\"color: #999999;\"><span style=\"color: #999999;\">Wertsch\u00f6pfungstiefe und Sourcing in der IT<\/span><\/li>\n<\/ul>\n<\/div>\n\t\t\t<\/div>\n\t\t<\/div>\n\t  \t  \t\t\t<div class=\"carousel-item\">\n\t\t\t<div class=\"row acent-carousel-inline\">\n\t\t\t\t<div class=\"col-lg-6\"><h3 class=\"pb-3\">Auszug der Grafiken aus den Ergebnissen des Survey 2023-01<\/h3>\n<p><a class=\"lb-acent\" href=\"https:\/\/acent.de\/wp-content\/uploads\/2024\/03\/Folie6-scaled.jpeg\"><img loading=\"lazy\" decoding=\"async\" width=\"600\" height=\"338\" class=\"alignnone wp-image-20664 size-medium\" src=\"https:\/\/acent.de\/wp-content\/uploads\/2024\/03\/Folie6-600x338.jpeg\" alt=\"\" srcset=\"https:\/\/acent.de\/wp-content\/uploads\/2024\/03\/Folie6-600x338.jpeg 600w, https:\/\/acent.de\/wp-content\/uploads\/2024\/03\/Folie6-1024x576.jpeg 1024w, https:\/\/acent.de\/wp-content\/uploads\/2024\/03\/Folie6-768x432.jpeg 768w, https:\/\/acent.de\/wp-content\/uploads\/2024\/03\/Folie6-1536x864.jpeg 1536w, https:\/\/acent.de\/wp-content\/uploads\/2024\/03\/Folie6-2048x1152.jpeg 2048w, https:\/\/acent.de\/wp-content\/uploads\/2024\/03\/Folie6-400x225.jpeg 400w\" sizes=\"auto, (max-width: 600px) 100vw, 600px\" \/><\/a><\/p>\n<\/div>  \n\t\t\t\t<div class=\"col-lg-6\"><h3 class=\"pt-4 pt-md-0\">Inhalte des Survey 2023-01<\/h3>\n<ul class=\"pt-2 pl-2 ml-2\">\n<li style=\"color: #999999;\"><span class=\"TextRun SCXW256578627 BCX0\" lang=\"DE\" xml:lang=\"DE\" data-contrast=\"none\"><span class=\"NormalTextRun SCXW256578627 BCX0\">Die wichtigsten Herausforderungen der IT<\/span><\/span><span class=\"EOP SCXW256578627 BCX0\" data-ccp-props=\"{&quot;201341983&quot;:0,&quot;335551550&quot;:1,&quot;335551620&quot;:1,&quot;335559740&quot;:276}\">\u00a0<\/span><\/li>\n<li style=\"color: #999999;\"><span style=\"color: #999999;\">Grundstimmung der CIOs und Rolle der IT<\/span><\/li>\n<li style=\"color: #999999;\"><span style=\"color: #999999;\"><span class=\"TextRun SCXW19397257 BCX0\" lang=\"DE\" xml:lang=\"DE\" data-contrast=\"none\"><span class=\"NormalTextRun SCXW19397257 BCX0\">Verlagerungen der IT in die Fachbereiche<\/span><\/span><span class=\"EOP SCXW19397257 BCX0\" data-ccp-props=\"{&quot;201341983&quot;:0,&quot;335551550&quot;:1,&quot;335551620&quot;:1,&quot;335559740&quot;:276}\">\u00a0<\/span><\/span><\/li>\n<li style=\"color: #999999;\"><span style=\"color: #999999;\">Kosten\/Ausgaben der IT<\/span><\/li>\n<li><span style=\"color: #000000;\"><strong>Einsatz interner \/ externer Fachkr\u00e4fte<\/strong><\/span><\/li>\n<li style=\"color: #999999;\"><span style=\"color: #999999;\">Wachstum der Geh\u00e4lter und Tagess\u00e4tze<\/span><\/li>\n<li style=\"color: #999999;\"><span style=\"color: #999999;\">IT-Sicherheit in den Unternehmen<\/span><\/li>\n<li style=\"color: #999999;\"><span style=\"color: #999999;\">Wertsch\u00f6pfungstiefe und Sourcing in der IT<\/span><\/li>\n<\/ul>\n<\/div>\n\t\t\t<\/div>\n\t\t<\/div>\n\t  \t  \t\t\t<div class=\"carousel-item\">\n\t\t\t<div class=\"row acent-carousel-inline\">\n\t\t\t\t<div class=\"col-lg-6\"><h3 class=\"pb-3\">Auszug der Grafiken aus den Ergebnissen des Survey 2023-01<\/h3>\n<p><a class=\"lb-acent\" href=\"https:\/\/acent.de\/wp-content\/uploads\/2024\/03\/Folie5_2-scaled.jpeg\"><img loading=\"lazy\" decoding=\"async\" width=\"600\" height=\"338\" class=\"alignnone wp-image-20659 size-medium\" src=\"https:\/\/acent.de\/wp-content\/uploads\/2024\/03\/Folie5_2-600x338.jpeg\" alt=\"\" srcset=\"https:\/\/acent.de\/wp-content\/uploads\/2024\/03\/Folie5_2-600x338.jpeg 600w, https:\/\/acent.de\/wp-content\/uploads\/2024\/03\/Folie5_2-1024x576.jpeg 1024w, https:\/\/acent.de\/wp-content\/uploads\/2024\/03\/Folie5_2-768x432.jpeg 768w, https:\/\/acent.de\/wp-content\/uploads\/2024\/03\/Folie5_2-1536x864.jpeg 1536w, https:\/\/acent.de\/wp-content\/uploads\/2024\/03\/Folie5_2-2048x1152.jpeg 2048w, https:\/\/acent.de\/wp-content\/uploads\/2024\/03\/Folie5_2-400x225.jpeg 400w\" sizes=\"auto, (max-width: 600px) 100vw, 600px\" \/><\/a><\/p>\n<\/div>  \n\t\t\t\t<div class=\"col-lg-6\"><h3 class=\"pt-4 pt-md-0\">Inhalte des Survey 2023-01<\/h3>\n<ul class=\"pt-2 pl-2 ml-2\">\n<li style=\"color: #999999;\"><span class=\"TextRun SCXW256578627 BCX0\" lang=\"DE\" xml:lang=\"DE\" data-contrast=\"none\"><span class=\"NormalTextRun SCXW256578627 BCX0\">Die wichtigsten Herausforderungen der IT<\/span><\/span><span class=\"EOP SCXW256578627 BCX0\" data-ccp-props=\"{&quot;201341983&quot;:0,&quot;335551550&quot;:1,&quot;335551620&quot;:1,&quot;335559740&quot;:276}\">\u00a0<\/span><\/li>\n<li style=\"color: #999999;\"><span style=\"color: #999999;\">Grundstimmung der CIOs und Rolle der IT<\/span><\/li>\n<li style=\"color: #999999;\"><span style=\"color: #999999;\"><span class=\"TextRun SCXW19397257 BCX0\" lang=\"DE\" xml:lang=\"DE\" data-contrast=\"none\"><span class=\"NormalTextRun SCXW19397257 BCX0\">Verlagerungen der IT in die Fachbereiche<\/span><\/span><span class=\"EOP SCXW19397257 BCX0\" data-ccp-props=\"{&quot;201341983&quot;:0,&quot;335551550&quot;:1,&quot;335551620&quot;:1,&quot;335559740&quot;:276}\">\u00a0<\/span><\/span><\/li>\n<li><span style=\"color: #000000;\"><strong>Kosten\/Ausgaben der IT<\/strong><\/span><\/li>\n<li style=\"color: #999999;\"><span style=\"color: #999999;\">Einsatz interner \/ externer Fachkr\u00e4fte<\/span><\/li>\n<li style=\"color: #999999;\"><span style=\"color: #999999;\">Wachstum der Geh\u00e4lter und Tagess\u00e4tze<\/span><\/li>\n<li style=\"color: #999999;\"><span style=\"color: #999999;\">IT-Sicherheit in den Unternehmen<\/span><\/li>\n<li style=\"color: #999999;\"><span style=\"color: #999999;\">Wertsch\u00f6pfungstiefe und Sourcing in der IT<\/span><\/li>\n<\/ul>\n<\/div>\n\t\t\t<\/div>\n\t\t<\/div>\n\t  \t  \t\t\t<div class=\"carousel-item\">\n\t\t\t<div class=\"row acent-carousel-inline\">\n\t\t\t\t<div class=\"col-lg-6\"><h3 class=\"pb-3\">Auszug der Grafiken aus den Ergebnissen des Survey 2023-01<\/h3>\n<p><a class=\"lb-acent\" href=\"https:\/\/acent.de\/wp-content\/uploads\/2024\/02\/Folie4-scaled.jpeg\"><img decoding=\"async\" class=\"border cursor-zoom alignnone wp-image-20711 size-medium\" src=\"https:\/\/acent.de\/wp-content\/uploads\/2024\/02\/Folie4-600x338.jpeg\" alt=\"\" \/><\/a><\/p>\n<\/div>  \n\t\t\t\t<div class=\"col-lg-6\"><h3 class=\"pt-4 pt-md-0\">Inhalte des Survey 2023-01<\/h3>\n<ul class=\"pt-2 pl-2 ml-2\">\n<li style=\"color: #999999;\"><span class=\"TextRun SCXW256578627 BCX0\" lang=\"DE\" xml:lang=\"DE\" data-contrast=\"none\"><span class=\"NormalTextRun SCXW256578627 BCX0\">Die wichtigsten Herausforderungen der IT<\/span><\/span><span class=\"EOP SCXW256578627 BCX0\" data-ccp-props=\"{&quot;201341983&quot;:0,&quot;335551550&quot;:1,&quot;335551620&quot;:1,&quot;335559740&quot;:276}\">\u00a0<\/span><\/li>\n<li style=\"color: #999999;\"><span style=\"color: #999999;\">Grundstimmung der CIOs und Rolle der IT<\/span><\/li>\n<li><span style=\"color: #000000;\"><strong><span class=\"TextRun SCXW19397257 BCX0\" lang=\"DE\" xml:lang=\"DE\" data-contrast=\"none\"><span class=\"NormalTextRun SCXW19397257 BCX0\">Verlagerungen der IT in die Fachbereiche<\/span><\/span><span class=\"EOP SCXW19397257 BCX0\" data-ccp-props=\"{&quot;201341983&quot;:0,&quot;335551550&quot;:1,&quot;335551620&quot;:1,&quot;335559740&quot;:276}\">\u00a0<\/span><\/strong><\/span><\/li>\n<li style=\"color: #999999;\"><span style=\"color: #999999;\">Kosten\/Ausgaben der IT<\/span><\/li>\n<li style=\"color: #999999;\"><span style=\"color: #999999;\">Einsatz interner \/ externer Fachkr\u00e4fte<\/span><\/li>\n<li style=\"color: #999999;\"><span style=\"color: #999999;\">Wachstum der Geh\u00e4lter und Tagess\u00e4tze<\/span><\/li>\n<li style=\"color: #999999;\"><span style=\"color: #999999;\">IT-Sicherheit in den Unternehmen<\/span><\/li>\n<li style=\"color: #999999;\"><span style=\"color: #999999;\">Wertsch\u00f6pfungstiefe und Sourcing in der IT<\/span><\/li>\n<\/ul>\n<\/div>\n\t\t\t<\/div>\n\t\t<\/div>\n\t  \t  \t\t\t<div class=\"carousel-item\">\n\t\t\t<div class=\"row acent-carousel-inline\">\n\t\t\t\t<div class=\"col-lg-6\"><h3 class=\"pb-3\">Auszug der Grafiken aus den Ergebnissen des Survey 2023-01<\/h3>\n<p><a class=\"lb-acent\" href=\"https:\/\/acent.de\/wp-content\/uploads\/2024\/02\/Folie3-scaled.jpeg\"><img decoding=\"async\" class=\"border cursor-zoom alignnone wp-image-20656 size-medium\" src=\"https:\/\/acent.de\/wp-content\/uploads\/2024\/02\/Folie3-600x338.jpeg\" alt=\"\" \/><\/a><\/p>\n<\/div>  \n\t\t\t\t<div class=\"col-lg-6\"><h3 class=\"pt-4 pt-md-0\">Inhalte des Survey 2023-01<\/h3>\n<ul class=\"pt-2 pl-2 ml-2\">\n<li style=\"color: #999999;\"><span class=\"TextRun SCXW256578627 BCX0\" lang=\"DE\" style=\"color: #999999;\" xml:lang=\"DE\" data-contrast=\"none\"><span class=\"NormalTextRun SCXW256578627 BCX0\">Die wichtigsten Herausforderungen der IT<\/span><\/span><\/li>\n<li><span style=\"color: #000000;\"><strong>Grundstimmung der CIOs und Rolle der IT<\/strong><\/span><\/li>\n<li style=\"color: #999999;\"><span style=\"color: #999999;\"><span class=\"TextRun SCXW19397257 BCX0\" lang=\"DE\" xml:lang=\"DE\" data-contrast=\"none\"><span class=\"NormalTextRun SCXW19397257 BCX0\">Verlagerungen der IT in die Fachbereiche<\/span><\/span><span class=\"EOP SCXW19397257 BCX0\" data-ccp-props=\"{&quot;201341983&quot;:0,&quot;335551550&quot;:1,&quot;335551620&quot;:1,&quot;335559740&quot;:276}\">\u00a0<\/span><\/span><\/li>\n<li style=\"color: #999999;\"><span style=\"color: #999999;\">Kosten\/Ausgaben der IT<\/span><\/li>\n<li style=\"color: #999999;\"><span style=\"color: #999999;\">Einsatz interner \/ externer Fachkr\u00e4fte<\/span><\/li>\n<li style=\"color: #999999;\"><span style=\"color: #999999;\">Wachstum der Geh\u00e4lter und Tagess\u00e4tze<\/span><\/li>\n<li style=\"color: #999999;\"><span style=\"color: #999999;\">IT-Sicherheit in den Unternehmen<\/span><\/li>\n<li style=\"color: #999999;\"><span style=\"color: #999999;\">Wertsch\u00f6pfungstiefe und Sourcing in der IT<\/span><\/li>\n<\/ul>\n<\/div>\n\t\t\t<\/div>\n\t\t<\/div>\n\t  \t  \t\t\t<div class=\"carousel-item\">\n\t\t\t<div class=\"row acent-carousel-inline\">\n\t\t\t\t<div class=\"col-lg-6\"><h3 class=\"pb-3\">Auszug der Grafiken aus den Ergebnissen des Survey 2023-01<\/h3>\n<p><a class=\"lb-acent\" href=\"https:\/\/acent.de\/wp-content\/uploads\/2024\/02\/Folie2-scaled.jpeg\"><img decoding=\"async\" class=\"border cursor-zoom alignnone wp-image-20639 size-medium\" src=\"https:\/\/acent.de\/wp-content\/uploads\/2024\/02\/Folie2-600x338.jpeg\" alt=\"\" \/><\/a><\/p>\n<\/div>  \n\t\t\t\t<div class=\"col-lg-6\"><h3 class=\"pt-4 pt-md-0\">Inhalte des Survey 2023-01<\/h3>\n<ul class=\"pt-2 pl-2 ml-2\">\n<li><strong><span class=\"TextRun SCXW256578627 BCX0\" lang=\"DE\" xml:lang=\"DE\" data-contrast=\"none\"><span class=\"NormalTextRun SCXW256578627 BCX0\">Die wichtigsten Herausforderungen der IT<\/span><\/span><span class=\"EOP SCXW256578627 BCX0\" data-ccp-props=\"{&quot;201341983&quot;:0,&quot;335551550&quot;:1,&quot;335551620&quot;:1,&quot;335559740&quot;:276}\">\u00a0<\/span><\/strong><\/li>\n<li style=\"color: #999999;\"><span style=\"color: #999999;\">Grundstimmung der CIOs und Rolle der IT<\/span><\/li>\n<li style=\"color: #999999;\"><span style=\"color: #999999;\"><span class=\"TextRun SCXW19397257 BCX0\" lang=\"DE\" xml:lang=\"DE\" data-contrast=\"none\"><span class=\"NormalTextRun SCXW19397257 BCX0\">Verlagerungen der IT in die Fachbereiche<\/span><\/span><span class=\"EOP SCXW19397257 BCX0\" data-ccp-props=\"{&quot;201341983&quot;:0,&quot;335551550&quot;:1,&quot;335551620&quot;:1,&quot;335559740&quot;:276}\">\u00a0<\/span><\/span><\/li>\n<li style=\"color: #999999;\"><span style=\"color: #999999;\">Kosten\/Ausgaben der IT<\/span><\/li>\n<li style=\"color: #999999;\"><span style=\"color: #999999;\">Einsatz interner \/ externer Fachkr\u00e4fte<\/span><\/li>\n<li style=\"color: #999999;\"><span style=\"color: #999999;\">Wachstum der Geh\u00e4lter und Tagess\u00e4tze<\/span><\/li>\n<li style=\"color: #999999;\"><span style=\"color: #999999;\">IT-Sicherheit in den Unternehmen<\/span><\/li>\n<li style=\"color: #999999;\"><span style=\"color: #999999;\">Wertsch\u00f6pfungstiefe und Sourcing in der IT<\/span><\/li>\n<\/ul>\n<\/div>\n\t\t\t<\/div>\n\t\t<\/div>\n\t  \t  \t  <\/div>\n  <a class=\"carousel-control-prev\" href=\"#carouselTrendradar-490443178\" role=\"button\" data-slide=\"prev\">\n    <span class=\"carousel-control-prev-icon\" aria-hidden=\"true\"><\/span>\n    <span class=\"sr-only\">Zur\u00fcck<\/span>\n  <\/a>\n  <a class=\"carousel-control-next\" href=\"#carouselTrendradar-490443178\" role=\"button\" data-slide=\"next\">\n    <span class=\"carousel-control-next-icon\" aria-hidden=\"true\"><\/span>\n    <span class=\"sr-only\">Weiter<\/span>\n  <\/a>\n<\/div>\n\t<\/div>\n\t\n\t<\/div>\n\n<\/div>\n\t\t\t<div class=\"container\">\n\t<div class=\"row\">\n<div class=\"col\">\n\n\n\n<div style=\"height:119px\" aria-hidden=\"true\" class=\"wp-block-spacer\"><\/div>\n\n\n\n<div style=\"height:30px\" aria-hidden=\"true\" class=\"wp-block-spacer\"><\/div>\n\n\n\n<div style=\"height:31px\" aria-hidden=\"true\" class=\"wp-block-spacer\"><\/div>\n\n\n\n<div style=\"height:30px\" aria-hidden=\"true\" class=\"wp-block-spacer\"><\/div>\n\n\n\n<div style=\"height:52px\" aria-hidden=\"true\" class=\"wp-block-spacer\"><\/div>\n\n\n\n<\/div>\n<\/div>\n<\/div>\n<div class=\"container-fluid wrapper-216677682 color-wrapper-trendradar\" style=\"background-color:#e2e2e2;\">\n\n<div class=\"row\">\n\t\n\t\t\n\t\t\n<div class=\"container carousel-acent-inline\">\n<div id=\"carouselTrendradar-216677682\" class=\"carousel slide\" data-ride=\"carousel\" data-interval=\"3000\">\n  <div class=\"carousel-inner\">\n\t\t  <\/div>\n<\/div>\n\t<\/div>\n\t\n\t<\/div>\n\n<\/div>\n\t\t\t<div class=\"container\">\n\t<div class=\"row\">\n<div class=\"col\">\n\n\n\n<div style=\"height:100px\" aria-hidden=\"true\" class=\"wp-block-spacer\"><\/div>\n\n\n\n\t\n\t\t\n\t\n<div class=\"container carousel-acent-inline\">\n<div id=\"carouselTrendradar-250751951\" class=\"carousel slide\" data-ride=\"carousel\" data-interval=\"3000\">\n  <div class=\"carousel-inner\">\n\t  <\/div>\n<\/div>\n\t<\/div>\n\t\n\t\n\n\n<div style=\"height:132px\" aria-hidden=\"true\" class=\"wp-block-spacer\"><\/div>\n\n\n\n<p>Wenn Sie als CIO oder IT-Manager Interesse an einer Mitarbeit an <br>diesem Projekt haben, kontaktieren Sie bitte:<\/p>\n\n\n\n<div style=\"height:30px\" aria-hidden=\"true\" class=\"wp-block-spacer\"><\/div>\n\n\n\n<div class=\"wp-block-columns is-layout-flex wp-container-core-columns-is-layout-9d6595d7 wp-block-columns-is-layout-flex\">\n<div class=\"wp-block-column is-layout-flow wp-block-column-is-layout-flow\">\t\t\t<\/div>\n\t\t<\/div>\n\t<\/div>\n<\/div>\n<div class=\"wrapper\">\n\t<div class=\"container\">\n\t\t<div class=\"row\">\n\t\t\t<div class=\"col-sm-12\">\n\n\t\t\t<div class=\"row justify-content-center ansprechpartner mt-3 mb-3\">\n\t\t\t\t\t<div class=\"col-sm-6 col-md-3\">\n\t\t\t\t\t<div class=\"txt\"><div class=\"partner_img\"><a href=\"https:\/\/acent.de\/partner\/michael-kranz\/\" alt=\"zum Partner\"><img decoding=\"async\" src=\"https:\/\/acent.de\/wp-content\/uploads\/2022\/09\/foto-web-michael-kranz-400x297.png\" class=\"attachment-img400 size-img400\" alt=\"\" srcset=\"https:\/\/acent.de\/wp-content\/uploads\/2022\/09\/foto-web-michael-kranz-400x297.png 400w, https:\/\/acent.de\/wp-content\/uploads\/2022\/09\/foto-web-michael-kranz-600x446.png 600w, https:\/\/acent.de\/wp-content\/uploads\/2022\/09\/foto-web-michael-kranz.png 686w\" sizes=\"(max-width: 400px) 100vw, 400px\" \/><\/a><\/div><h4>Michael Kranz<\/h4><div class=\"partner\">Dr. <br\/>Partner<br\/><\/div><\/div>\t\t\t\t\t\t\t\t<div class=\"contact-social mt-3 text-center\">\n\t\t\t\t\t<a href=\"javascript:secureDecryptAndNavigate('0GJhMitAPCbl7E88v9+8Pc39hFjcrYIfdgumm6JhBEBsIMA0HbQbT3Jl6nYbBRIkSfer\/QQCcJ4GuNJVS1Hnxe59z4cco3I=', 'da1ce663fbe302b6dc71a22fc457b416da9d774363e1dcb503d03f8cd55d8c00')\"><i class=\"fa fa-envelope-o\" aria-hidden=\"true\"><\/i><\/a>\t\t\t\t\t\t\t\t\t\t\t\t\t\t\t<a href=\"https:\/\/www.linkedin.com\/in\/mkranz\/\" target=\"_blank\"><i class=\"fa fa-linkedin\" aria-hidden=\"true\"><\/i><\/a>\t\t\t\t\t\t\t\t\t\t\t\t\t\t\t\t\t\t\t<\/div>\n\t\t\t\t\t\t\t<\/div>\n\t\t<\/div>\n\t\n\t\t\t<\/div>\n\t\t<\/div>\n\t<\/div>\n<\/div>\n\t\n<div class=\"wrapper\">\n\t<div class=\"container\">\n\t\t<div class=\"row\">\n\t\t\t<div class=\"col-sm-12\">\n<\/div>\n\n\n\n<div class=\"wp-block-column is-layout-flow wp-block-column-is-layout-flow\"><\/div>\n\n\n\n<div class=\"wp-block-column is-layout-flow wp-block-column-is-layout-flow\"><\/div>\n<\/div>\n\n\n\n<div style=\"height:100px\" aria-hidden=\"true\" class=\"wp-block-spacer\"><\/div>\n\n\n\n<div class=\"wp-block-columns is-layout-flex wp-container-core-columns-is-layout-9d6595d7 wp-block-columns-is-layout-flex\">\n<div class=\"wp-block-column is-layout-flow wp-block-column-is-layout-flow\" style=\"flex-basis:33.33%\">\n<p>Das Trendradar CIO ist eine Kooperation des <br>Instituts f\u00fcr Wirtschaftsinformatik der Universit\u00e4t St. Gallen und der ACENT AG<\/p>\n\n\n\n<div class=\"wp-block-columns is-layout-flex wp-container-core-columns-is-layout-9d6595d7 wp-block-columns-is-layout-flex\">\n<div class=\"wp-block-column is-layout-flow wp-block-column-is-layout-flow\"><\/div>\n\n\n\n<div class=\"wp-block-column is-layout-flow wp-block-column-is-layout-flow\">\n<figure class=\"wp-block-image size-full\"><img decoding=\"async\" src=\"https:\/\/acent.de\/wp-content\/uploads\/2023\/12\/st-gallen-300x123-1.jpg\" alt=\"\" class=\"wp-image-20475\"\/><\/figure>\n<\/div>\n<\/div>\n<\/div>\n\n\n\n<div class=\"wp-block-column is-layout-flow wp-block-column-is-layout-flow\" style=\"flex-basis:66.66%\"><\/div>\n<\/div>\n\n\n\n<style>@media screen and (min-width: 767px) {.tab-col-2{\n-moz-column-count: 2;\n-webkit-column-count: 2;\ncolumn-count: 2;}}<\/style>\n\n\n\n<div style=\"height:100px\" aria-hidden=\"true\" class=\"wp-block-spacer\"><\/div>\n","protected":false},"excerpt":{"rendered":"<p>Informationen f\u00fcr die kurzfristige Anpassung des Tagesgesch\u00e4ftes in Bereichen wie Unternehmensschwerpunkten, Technologien, Personal oder Kosten und Investitionen bietet nur das Trendradar CIO. An dieser Stelle finden Sie die Resultate der letzten Befragung (2023_01), die im Januar 2024 ver\u00f6ffentlicht wurde. Die detaillierten und branchenbezogenen Auswertungen wurden allen Teilnehmern zur Verf\u00fcgung gestellt. Auszug der Grafiken aus den [&hellip;]<\/p>\n","protected":false},"author":18,"featured_media":0,"parent":0,"menu_order":0,"comment_status":"closed","ping_status":"closed","template":"","meta":{"_acf_changed":false,"footnotes":""},"class_list":["post-21607","page","type-page","status-publish","hentry"],"acf":[],"yoast_head":"<!-- This site is optimized with the Yoast SEO plugin v27.5 - https:\/\/yoast.com\/product\/yoast-seo-wordpress\/ -->\n<title>Trendradar R\u00fcckblick 2023 - ACENT AG<\/title>\n<meta name=\"description\" content=\"ACENT AG - ACENT Trendradar \u2013 R\u00fcckblick 2023 Informationen f\u00fcr die kurzfristige Anpassung des Tagesgesch\u00e4ftes in Bereichen wie Unternehmensschwerpunkten,\" \/>\n<meta name=\"robots\" content=\"index, follow, max-snippet:-1, max-image-preview:large, max-video-preview:-1\" \/>\n<link rel=\"canonical\" href=\"https:\/\/acent.de\/en\/trendradar-rueckblick-2023\/\" \/>\n<meta property=\"og:locale\" content=\"en_US\" \/>\n<meta property=\"og:type\" content=\"article\" \/>\n<meta property=\"og:title\" content=\"Trendradar R\u00fcckblick 2023 - ACENT AG\" \/>\n<meta property=\"og:description\" content=\"ACENT AG - ACENT Trendradar \u2013 R\u00fcckblick 2023 Informationen f\u00fcr die kurzfristige Anpassung des Tagesgesch\u00e4ftes in Bereichen wie Unternehmensschwerpunkten,\" \/>\n<meta property=\"og:url\" content=\"https:\/\/acent.de\/en\/trendradar-rueckblick-2023\/\" \/>\n<meta property=\"og:site_name\" content=\"ACENT AG\" \/>\n<meta property=\"article:modified_time\" content=\"2025-01-06T14:16:12+00:00\" \/>\n<meta property=\"og:image\" content=\"https:\/\/acent.de\/wp-content\/uploads\/2023\/12\/st-gallen-300x123-1.jpg\" \/>\n<meta name=\"twitter:label1\" content=\"Est. reading time\" \/>\n\t<meta name=\"twitter:data1\" content=\"5 minutes\" \/>\n<script type=\"application\/ld+json\" class=\"yoast-schema-graph\">{\"@context\":\"https:\\\/\\\/schema.org\",\"@graph\":[{\"@type\":\"WebPage\",\"@id\":\"https:\\\/\\\/acent.de\\\/en\\\/trendradar-rueckblick-2023\\\/\",\"url\":\"https:\\\/\\\/acent.de\\\/en\\\/trendradar-rueckblick-2023\\\/\",\"name\":\"Trendradar R\u00fcckblick 2023 - ACENT AG\",\"isPartOf\":{\"@id\":\"https:\\\/\\\/acent.de\\\/en\\\/#website\"},\"primaryImageOfPage\":{\"@id\":\"https:\\\/\\\/acent.de\\\/en\\\/trendradar-rueckblick-2023\\\/#primaryimage\"},\"image\":{\"@id\":\"https:\\\/\\\/acent.de\\\/en\\\/trendradar-rueckblick-2023\\\/#primaryimage\"},\"thumbnailUrl\":\"https:\\\/\\\/acent.de\\\/wp-content\\\/uploads\\\/2023\\\/12\\\/st-gallen-300x123-1.jpg\",\"datePublished\":\"2024-08-15T10:46:06+00:00\",\"dateModified\":\"2025-01-06T14:16:12+00:00\",\"description\":\"ACENT AG - ACENT Trendradar \u2013 R\u00fcckblick 2023 Informationen f\u00fcr die kurzfristige Anpassung des Tagesgesch\u00e4ftes in Bereichen wie Unternehmensschwerpunkten,\",\"breadcrumb\":{\"@id\":\"https:\\\/\\\/acent.de\\\/en\\\/trendradar-rueckblick-2023\\\/#breadcrumb\"},\"inLanguage\":\"en-US\",\"potentialAction\":[{\"@type\":\"ReadAction\",\"target\":[\"https:\\\/\\\/acent.de\\\/en\\\/trendradar-rueckblick-2023\\\/\"]}]},{\"@type\":\"ImageObject\",\"inLanguage\":\"en-US\",\"@id\":\"https:\\\/\\\/acent.de\\\/en\\\/trendradar-rueckblick-2023\\\/#primaryimage\",\"url\":\"https:\\\/\\\/acent.de\\\/wp-content\\\/uploads\\\/2023\\\/12\\\/st-gallen-300x123-1.jpg\",\"contentUrl\":\"https:\\\/\\\/acent.de\\\/wp-content\\\/uploads\\\/2023\\\/12\\\/st-gallen-300x123-1.jpg\"},{\"@type\":\"BreadcrumbList\",\"@id\":\"https:\\\/\\\/acent.de\\\/en\\\/trendradar-rueckblick-2023\\\/#breadcrumb\",\"itemListElement\":[{\"@type\":\"ListItem\",\"position\":1,\"name\":\"Startseite\",\"item\":\"https:\\\/\\\/acent.de\\\/en\\\/\"},{\"@type\":\"ListItem\",\"position\":2,\"name\":\"Trendradar R\u00fcckblick 2023\"}]},{\"@type\":\"WebSite\",\"@id\":\"https:\\\/\\\/acent.de\\\/en\\\/#website\",\"url\":\"https:\\\/\\\/acent.de\\\/en\\\/\",\"name\":\"ACENT AG\",\"description\":\"Wir beraten CIOs\",\"publisher\":{\"@id\":\"https:\\\/\\\/acent.de\\\/en\\\/#organization\"},\"potentialAction\":[{\"@type\":\"SearchAction\",\"target\":{\"@type\":\"EntryPoint\",\"urlTemplate\":\"https:\\\/\\\/acent.de\\\/en\\\/?s={search_term_string}\"},\"query-input\":{\"@type\":\"PropertyValueSpecification\",\"valueRequired\":true,\"valueName\":\"search_term_string\"}}],\"inLanguage\":\"en-US\"},{\"@type\":\"Organization\",\"@id\":\"https:\\\/\\\/acent.de\\\/en\\\/#organization\",\"name\":\"ACENT AG\",\"url\":\"https:\\\/\\\/acent.de\\\/en\\\/\",\"logo\":{\"@type\":\"ImageObject\",\"inLanguage\":\"en-US\",\"@id\":\"https:\\\/\\\/acent.de\\\/en\\\/#\\\/schema\\\/logo\\\/image\\\/\",\"url\":\"https:\\\/\\\/acent.de\\\/wp-content\\\/uploads\\\/2017\\\/05\\\/1507_Acent-Logo-neu_OK.jpg\",\"contentUrl\":\"https:\\\/\\\/acent.de\\\/wp-content\\\/uploads\\\/2017\\\/05\\\/1507_Acent-Logo-neu_OK.jpg\",\"width\":354,\"height\":63,\"caption\":\"ACENT AG\"},\"image\":{\"@id\":\"https:\\\/\\\/acent.de\\\/en\\\/#\\\/schema\\\/logo\\\/image\\\/\"}}]}<\/script>\n<!-- \/ Yoast SEO plugin. -->","yoast_head_json":{"title":"Trendradar R\u00fcckblick 2023 - ACENT AG","description":"ACENT AG - ACENT Trendradar \u2013 R\u00fcckblick 2023 Informationen f\u00fcr die kurzfristige Anpassung des Tagesgesch\u00e4ftes in Bereichen wie Unternehmensschwerpunkten,","robots":{"index":"index","follow":"follow","max-snippet":"max-snippet:-1","max-image-preview":"max-image-preview:large","max-video-preview":"max-video-preview:-1"},"canonical":"https:\/\/acent.de\/en\/trendradar-rueckblick-2023\/","og_locale":"en_US","og_type":"article","og_title":"Trendradar R\u00fcckblick 2023 - ACENT AG","og_description":"ACENT AG - ACENT Trendradar \u2013 R\u00fcckblick 2023 Informationen f\u00fcr die kurzfristige Anpassung des Tagesgesch\u00e4ftes in Bereichen wie Unternehmensschwerpunkten,","og_url":"https:\/\/acent.de\/en\/trendradar-rueckblick-2023\/","og_site_name":"ACENT AG","article_modified_time":"2025-01-06T14:16:12+00:00","og_image":[{"url":"https:\/\/acent.de\/wp-content\/uploads\/2023\/12\/st-gallen-300x123-1.jpg","type":"","width":"","height":""}],"twitter_misc":{"Est. reading time":"5 minutes"},"schema":{"@context":"https:\/\/schema.org","@graph":[{"@type":"WebPage","@id":"https:\/\/acent.de\/en\/trendradar-rueckblick-2023\/","url":"https:\/\/acent.de\/en\/trendradar-rueckblick-2023\/","name":"Trendradar R\u00fcckblick 2023 - ACENT AG","isPartOf":{"@id":"https:\/\/acent.de\/en\/#website"},"primaryImageOfPage":{"@id":"https:\/\/acent.de\/en\/trendradar-rueckblick-2023\/#primaryimage"},"image":{"@id":"https:\/\/acent.de\/en\/trendradar-rueckblick-2023\/#primaryimage"},"thumbnailUrl":"https:\/\/acent.de\/wp-content\/uploads\/2023\/12\/st-gallen-300x123-1.jpg","datePublished":"2024-08-15T10:46:06+00:00","dateModified":"2025-01-06T14:16:12+00:00","description":"ACENT AG - ACENT Trendradar \u2013 R\u00fcckblick 2023 Informationen f\u00fcr die kurzfristige Anpassung des Tagesgesch\u00e4ftes in Bereichen wie Unternehmensschwerpunkten,","breadcrumb":{"@id":"https:\/\/acent.de\/en\/trendradar-rueckblick-2023\/#breadcrumb"},"inLanguage":"en-US","potentialAction":[{"@type":"ReadAction","target":["https:\/\/acent.de\/en\/trendradar-rueckblick-2023\/"]}]},{"@type":"ImageObject","inLanguage":"en-US","@id":"https:\/\/acent.de\/en\/trendradar-rueckblick-2023\/#primaryimage","url":"https:\/\/acent.de\/wp-content\/uploads\/2023\/12\/st-gallen-300x123-1.jpg","contentUrl":"https:\/\/acent.de\/wp-content\/uploads\/2023\/12\/st-gallen-300x123-1.jpg"},{"@type":"BreadcrumbList","@id":"https:\/\/acent.de\/en\/trendradar-rueckblick-2023\/#breadcrumb","itemListElement":[{"@type":"ListItem","position":1,"name":"Startseite","item":"https:\/\/acent.de\/en\/"},{"@type":"ListItem","position":2,"name":"Trendradar R\u00fcckblick 2023"}]},{"@type":"WebSite","@id":"https:\/\/acent.de\/en\/#website","url":"https:\/\/acent.de\/en\/","name":"ACENT AG","description":"Wir beraten CIOs","publisher":{"@id":"https:\/\/acent.de\/en\/#organization"},"potentialAction":[{"@type":"SearchAction","target":{"@type":"EntryPoint","urlTemplate":"https:\/\/acent.de\/en\/?s={search_term_string}"},"query-input":{"@type":"PropertyValueSpecification","valueRequired":true,"valueName":"search_term_string"}}],"inLanguage":"en-US"},{"@type":"Organization","@id":"https:\/\/acent.de\/en\/#organization","name":"ACENT AG","url":"https:\/\/acent.de\/en\/","logo":{"@type":"ImageObject","inLanguage":"en-US","@id":"https:\/\/acent.de\/en\/#\/schema\/logo\/image\/","url":"https:\/\/acent.de\/wp-content\/uploads\/2017\/05\/1507_Acent-Logo-neu_OK.jpg","contentUrl":"https:\/\/acent.de\/wp-content\/uploads\/2017\/05\/1507_Acent-Logo-neu_OK.jpg","width":354,"height":63,"caption":"ACENT AG"},"image":{"@id":"https:\/\/acent.de\/en\/#\/schema\/logo\/image\/"}}]}},"_links":{"self":[{"href":"https:\/\/acent.de\/en\/wp-json\/wp\/v2\/pages\/21607","targetHints":{"allow":["GET"]}}],"collection":[{"href":"https:\/\/acent.de\/en\/wp-json\/wp\/v2\/pages"}],"about":[{"href":"https:\/\/acent.de\/en\/wp-json\/wp\/v2\/types\/page"}],"author":[{"embeddable":true,"href":"https:\/\/acent.de\/en\/wp-json\/wp\/v2\/users\/18"}],"replies":[{"embeddable":true,"href":"https:\/\/acent.de\/en\/wp-json\/wp\/v2\/comments?post=21607"}],"version-history":[{"count":5,"href":"https:\/\/acent.de\/en\/wp-json\/wp\/v2\/pages\/21607\/revisions"}],"predecessor-version":[{"id":22332,"href":"https:\/\/acent.de\/en\/wp-json\/wp\/v2\/pages\/21607\/revisions\/22332"}],"wp:attachment":[{"href":"https:\/\/acent.de\/en\/wp-json\/wp\/v2\/media?parent=21607"}],"curies":[{"name":"wp","href":"https:\/\/api.w.org\/{rel}","templated":true}]}}