{"id":23351,"date":"2025-07-16T11:11:43","date_gmt":"2025-07-16T09:11:43","guid":{"rendered":"https:\/\/acent.de\/?page_id=23351"},"modified":"2025-10-31T09:53:03","modified_gmt":"2025-10-31T08:53:03","slug":"techday2025","status":"publish","type":"page","link":"https:\/\/acent.de\/en\/techday2025\/","title":{"rendered":"ACENT TechDay 2025"},"content":{"rendered":"\n\t\t\t<\/div>\n\t\t<\/div>\n\t<\/div>\n\n\t<div class=\"image-header-full-width\">\n\t\t\t<div class=\"header-image-full-width\">\n\t\t\t\t<div class=\"header-image-media\">\n\t\t\t\t\t<div id=\"wp-header-image\" class=\"wp-header-image\">\n\t\t\t\t\t\t<img decoding=\"async\" src=\"https:\/\/acent.de\/wp-content\/uploads\/2025\/07\/Header-schmal-Techday-scaled.jpg\" alt=\"\">\n\t\t\t\t\t\t<div class=\"opacity-mask\"><\/div>\n\t\t\t\t\t<\/div>\n\t\t\t\t<\/div>\n\t\t\t\t<div class=\"header-image-full-width-text\">\n\t\t\t\t\t<div class=\"container\">\n\t\t\t\t\t<h3>13. November 2025<\/h3>\n<h1>ACENT TechDay Cloud Souver\u00e4nit\u00e4t: Selbstbestimmt in die digitale Zukunft!<\/h1>\n\t\t\t\t\t<\/div>\n\t\t\t\t<\/div>\n\t\t\t<\/div>\n\t<\/div>\n\n\t\t\t<div class=\"container wrapper wrapper-after-image\">\n\t\t<div class=\"row\">\n\t\t<div class=\"col-sm-12\">\n\n\n<div style=\"height:30px\" aria-hidden=\"true\" class=\"wp-block-spacer\"><\/div>\n\n\n\n<p><br>In unserem n\u00e4chsten ACENT TechDay widmen wir uns dem essentiellen Thema der Cloud Souver\u00e4nit\u00e4t. In einer Zeit, in der digitale Transformation und Cloud-Technologien das R\u00fcckgrat moderner Gesch\u00e4ftsprozesse bilden, wird die Kontrolle \u00fcber eigene Daten und IT-Infrastrukturen zu einem kritischen Erfolgsfaktor. Die steigenden Anforderungen an Datenschutz, Compliance und die Unabh\u00e4ngigkeit von gro\u00dfen Cloud-Anbietern zwingen Unternehmen und \u00f6ffentliche Institutionen dazu, ihre Cloud-Strategien grundlegend zu \u00fcberdenken. Cloud Souver\u00e4nit\u00e4t erm\u00f6glicht es, die Vorteile der Cloud-Technologie zu nutzen, ohne die Kontrolle \u00fcber sensible Daten und kritische Gesch\u00e4ftsprozesse zu verlieren. Diese Entwicklungen schaffen neue M\u00f6glichkeiten f\u00fcr sichere, regelkonforme und nachhaltige IT-Landschaften, die sowohl Innovation f\u00f6rdern als auch strategische Autonomie gew\u00e4hrleisten.<\/p>\n\n\n\n<p>Die Veranstaltung erfolgt ausschlie\u00dflich auf pers\u00f6nliche Einladung durch Ihren ACENT-Ansprechpartner und findet in vertraulicher Atmosph\u00e4re statt.<\/p>\n\n\n\n<div style=\"height:30px\" aria-hidden=\"true\" class=\"wp-block-spacer\"><\/div>\n\n\n\n<h2 class=\"wp-block-heading has-text-align-center\">Unser Programm<\/h2>\n\n\n<div class=\"container perfect-timeline perfect-timeliine-830582299\">\n\n    \n    <div class=\"perfect-timeline-item left\">\n      <div class=\"perfect-timeline-content\">\n                  <h3>ACENT TechDay in der Motorworld<\/h3>\n<p>13. November 2025 von 13:30 &#8211; 22:00 Uhr<\/p>\n        \t\t      <\/div>\n    <\/div>\n  \n    \n    <div class=\"perfect-timeline-item right\">\n      <div class=\"perfect-timeline-content\">\n                  <p><strong>13:30 Uhr &#8211; 14:00 Uhr<\/strong><br \/>\nAnkommen und Begru\u0308\u00dfungsgetra\u0308nk<\/p>\n        \t\t      <\/div>\n    <\/div>\n  \n    \n    <div class=\"perfect-timeline-item left\">\n      <div class=\"perfect-timeline-content\">\n                  <div class=\"row\">\n                          <div class=\"col-lg-8\"><p><strong>14:00 Uhr &#8211; 14:15 Uhr<\/strong><br \/>\nWillkommensgru\u00df &amp; Einf\u00fchrung zum ACENT TechDay in der Motorworld<br \/>\n<strong>Speaker:<\/strong><a href=\"https:\/\/acent.de\/partner\/robby-wirth\/\"> Robby Wirth<\/a><\/p>\n<\/div>\n              <div class=\"col-lg-4\">\n                <img decoding=\"async\" class=\"img-perfect-timeline\" src=\"https:\/\/acent.de\/wp-content\/uploads\/2016\/07\/Robby-Wirth-neu-1.png\" alt=\"\">\n              <\/div>\n                      <\/div>\n        \t\t\t\t<div class=\"row\">\n\t\t\t<div class=\"col pt-2 text-left\">\n\t\t\t\t<div class=\"contact-social text-right\">\n\t\t\t\t\t<a href=\"https:\/\/de.linkedin.com\/in\/robby-wirth-094518142\"><i class=\"fa fa-linkedin\" aria-hidden=\"true\"><\/i><\/a>\n\t\t\t\t<\/div>\n\t\t\t<\/div>\n\t\t<\/div>\n\t\t      <\/div>\n    <\/div>\n  \n    \n    <div class=\"perfect-timeline-item right\">\n      <div class=\"perfect-timeline-content\">\n                  <div class=\"row\">\n                          <div class=\"col-lg-4\">\n                <img decoding=\"async\" class=\"img-perfect-timeline\" src=\"https:\/\/acent.de\/wp-content\/uploads\/2022\/01\/Walter_Brenner.png\" alt=\"\">\n              <\/div>\n              <div class=\"col-lg-8\"><p><strong>14:15 Uhr &#8211; 15:00 Uhr<br \/>\n<\/strong>Impulsvortrag Studie Cloud Souver\u00e4nit\u00e4t<strong><br \/>\nSpeaker: <\/strong><a href=\"https:\/\/acent.de\/partner\/walter-brenner\/\">Prof. em. Dr. Walter Brenner<\/a><\/p>\n<\/div>\n                      <\/div>\n        \t\t\t\t<div class=\"row\">\n\t\t\t<div class=\"col pt-2 text-right\">\n\t\t\t\t<div class=\"contact-social text-left\">\n\t\t\t\t\t<a href=\"https:\/\/www.linkedin.com\/in\/walter-brenner-271b99124\/\"><i class=\"fa fa-linkedin\" aria-hidden=\"true\"><\/i><\/a>\n\t\t\t\t<\/div>\n\t\t\t<\/div>\n\t\t<\/div>\n\t\t      <\/div>\n    <\/div>\n  \n    \n    <div class=\"perfect-timeline-item left\">\n      <div class=\"perfect-timeline-content\">\n                  <p><strong>15:00 Uhr &#8211; 15:15 Uhr<\/strong><br \/>\nKurze Pause<\/p>\n        \t\t      <\/div>\n    <\/div>\n  \n    \n    <div class=\"perfect-timeline-item right\">\n      <div class=\"perfect-timeline-content\">\n                  <div class=\"row\">\n                          <div class=\"col-lg-4\">\n                <img decoding=\"async\" class=\"img-perfect-timeline\" src=\"https:\/\/acent.de\/wp-content\/uploads\/2025\/07\/Icon-Workshop.png\" alt=\"\">\n              <\/div>\n              <div class=\"col-lg-8\"><p><strong>15:15 Uhr &#8211; 17:30 Uhr<\/strong><br \/>\nWorkshops Handlungsempfehlungen f\u00fcr CIOs<br \/>\n<strong>Moderation:<\/strong> <a href=\"https:\/\/acent.de\/partner\/walter-brenner\/\">Prof. em. Dr. Walter Brenner<\/a><br \/>\n<a href=\"https:\/\/acent.de\/partner\/joerg-heinrich\/\">J\u00f6rg Heinrich<\/a>, <a href=\"https:\/\/acent.de\/partner\/christoph-straub\/\">Christoph Straub<\/a><\/p>\n<\/div>\n                      <\/div>\n        \t\t      <\/div>\n    <\/div>\n  \n    \n    <div class=\"perfect-timeline-item left\">\n      <div class=\"perfect-timeline-content\">\n                  <div class=\"row\">\n                          <div class=\"col-lg-8\"><p><strong>17:30 Uhr &#8211; 18:00 Uhr<br \/>\n<\/strong>Vorstellung der Ergebnisse der Handlungsempfehlungen<strong><br \/>\nModeration: <\/strong><a href=\"https:\/\/acent.de\/partner\/robby-wirth\/\">Robby Wirth<\/a><\/p>\n<\/div>\n              <div class=\"col-lg-4\">\n                <img decoding=\"async\" class=\"img-perfect-timeline\" src=\"https:\/\/acent.de\/wp-content\/uploads\/2016\/07\/Robby-Wirth-neu.png\" alt=\"\">\n              <\/div>\n                      <\/div>\n        \t\t\t\t<div class=\"row\">\n\t\t\t<div class=\"col pt-2 text-left\">\n\t\t\t\t<div class=\"contact-social text-right\">\n\t\t\t\t\t<a href=\"https:\/\/de.linkedin.com\/in\/robby-wirth-094518142\"><i class=\"fa fa-linkedin\" aria-hidden=\"true\"><\/i><\/a>\n\t\t\t\t<\/div>\n\t\t\t<\/div>\n\t\t<\/div>\n\t\t      <\/div>\n    <\/div>\n  \n    \n    <div class=\"perfect-timeline-item right\">\n      <div class=\"perfect-timeline-content\">\n                  <p><strong>18:00 Uhr &#8211; 19:00 Uhr<br \/>\n<\/strong>F\u00fchrung durch die Motorworld<strong><br \/>\n<\/strong><\/p>\n        \t\t      <\/div>\n    <\/div>\n  \n    \n    <div class=\"perfect-timeline-item left\">\n      <div class=\"perfect-timeline-content\">\n                  <p><strong>ab 19:00 Uhr<br \/>\n<\/strong>Get-together mit Abendessen und Getr\u00e4nken<\/p>\n        \t\t      <\/div>\n    <\/div>\n  \n  <\/div>\n\n\n\n<style>\n.perfect-timeline {\n  position: relative;\n  margin: 2rem 0;\n  padding: 0;\n}\n\t.perfect-timeline h1,.perfect-timeline h2,.perfect-timeline h3,.perfect-timeline h4{\n\t\ttext-align:match-parent;\n\t\tpadding-top:0px;\n\t\tpadding-bottom:10px;\n\t}\n\t\n.perfect-timeline .perfect-timeline-item.right h4{\n  text-align:left;\n}\n.perfect-timeline .perfect-timeline-item.left h4{\n  text-align:right;\n}\n.img-perfect-timeline{border-radius:100%;}\n.perfect-timeline::before {\n  content: '';\n  position: absolute;\n  top: 0;\n  bottom: 0;\n  left: 50%;\n  width: 3px;\n  background: #073044;\n  transform: translateX(-50%);\n}\n\n.perfect-timeline-item {\n  width: 50%;\n  position: relative;\n  padding: 1rem 2rem 1rem 2rem;\n}\n\n.perfect-timeline-item.left {\n  left: 0;\n  text-align: right;\n}\n\n.perfect-timeline-item.right {\n  left: 50%;\n  text-align: left;\n}\n\n.perfect-timeline-item::before {\n  content: \"\";\n  position: absolute;\n  top: 2rem;\n  width: 24px;\n  height: 24px;\n  background: #073044;\n  border-radius: 50%;\n  border:1px solid #ffff;\n  z-index: 1;\n}\n\n.perfect-timeline-item.left::before {\n  right: -12px;\n}\n\n.perfect-timeline-item.right::before {\n  left: -12px;\n}\n\n.perfect-timeline-content {\n  background: transparent;\n  padding: 0 1rem 1rem;\n  border-radius: 8px;\n}\n\n\/* Mobile: alles links untereinander *\/\n@media (max-width: 991px) {\n\t.img-perfect-timeline{\n\t\tmax-width:300px;\n\t}\n}\n@media (max-width: 768px) {\n  .perfect-timeline::before {\n    left: 0px;\n  }\n  .perfect-timeline-item {\n    width: 100%;\n    padding-left: 2rem;\n    padding-right: 0;\n    text-align: left !important;\n  }\n  .perfect-timeline-item.left,\n  .perfect-timeline-item.right {\n    left: 0;\n  }\n  .perfect-timeline-item::before {\n    left: 0;\n    right: auto;\n  }\n\t.img-perfect-timeline{\n\t\tmax-width:300px;\n\t}\n\t.perfect-timeline .text-right{\n\t\ttext-align:left !important;\n\t}\n\t.perfect-timeline-item::before {\n    left: -12px;\n    right: auto !important;\n  }\n}\n<\/style>\n\n\n<div style=\"height:30px\" aria-hidden=\"true\" class=\"wp-block-spacer\"><\/div>\n\n\n\n<div style=\"height:30px\" aria-hidden=\"true\" class=\"wp-block-spacer\"><\/div>\n\n\n\n<\/div>\n<\/div>\n<\/div>\n<div class=\"container-fluid wrapper-762811809\" style=\"background-color:#ebefed;\">\n\n<div class=\"row\">\n<div class=\"col\">\n\t\n\t\t\n\t\t\t<div class=\"container color-wrapper color-wrapper-762811809\">\n\t\t\t\n\t\t\t\t\n\n<div style=\"height:30px\" aria-hidden=\"true\" class=\"wp-block-spacer\"><\/div>\n\n\n\n<div style=\"height:100px\" aria-hidden=\"true\" class=\"wp-block-spacer\"><\/div>\n\n\n\n<h2 class=\"wp-block-heading\"><strong>Sie haben Interesse?<\/strong><\/h2>\n\n\n\n<p class=\"has-text-align-center\">Falls Sie als CIO Interesse haben, freuen wir uns auf Ihre Kontaktaufnahme \u00fcber den folgenden Link:<\/p>\n\n\n\n<p class=\"has-text-align-center\"><strong><a href=\"https:\/\/forms.office.com\/e\/LCrSW3ws72\" target=\"_blank\" rel=\"noreferrer noopener\">Registrierungslink<\/a><\/strong><\/p>\n\n\n\n<div style=\"height:30px\" aria-hidden=\"true\" class=\"wp-block-spacer\"><\/div>\n\n\n\n<div style=\"height:95px\" aria-hidden=\"true\" class=\"wp-block-spacer\"><\/div>\n\n\n\t\t<\/div>\n\t\n\t\t<\/div>\n\n<\/div>\n<\/div>\n<div class=\"container\">\n<div class=\"row\">\n<div class=\"col-sm-12\">\n\n\n\n<div style=\"height:100px\" aria-hidden=\"true\" class=\"wp-block-spacer\"><\/div>\n\n\n\n<h2 class=\"wp-block-heading\">Hier geht es hin: Motorworld K\u00f6ln<\/h2>\n\n\n \t\n\t <div class=\"perfect_carousel\">\n     <!-- Slick Carousel-->\n\t\t<div class=\"perfect_carousel_track\">\n\t\t\t\t\n\t\t\t\t\t\t\t\t\t\t\t<div class=\"perfect_carousel_item\">\n\t\t\t\t  \t<img decoding=\"async\" src=\"https:\/\/acent.de\/wp-content\/uploads\/2025\/07\/motor-1.jpg\" alt=\"\">\n\t\t\t\t\t\t\t\t\t<\/div>\n\t\t\t\t\t\t\t\t\t\t\t\t\t\t\t<div class=\"perfect_carousel_item\">\n\t\t\t\t  \t<img decoding=\"async\" src=\"https:\/\/acent.de\/wp-content\/uploads\/2025\/07\/motor-2.jpg\" alt=\"\">\n\t\t\t\t\t\t\t\t\t<\/div>\n\t\t\t\t\t\t\t\t\t\t\t\t\t\t\t<div class=\"perfect_carousel_item\">\n\t\t\t\t  \t<img decoding=\"async\" src=\"https:\/\/acent.de\/wp-content\/uploads\/2025\/07\/motor-3.jpg\" alt=\"\">\n\t\t\t\t\t\t\t\t\t<\/div>\n\t\t\t\t\t\t\t\t\t\t\t\t\t\t\t<div class=\"perfect_carousel_item\">\n\t\t\t\t  \t<img decoding=\"async\" src=\"https:\/\/acent.de\/wp-content\/uploads\/2025\/07\/motor-4.jpg\" alt=\"\">\n\t\t\t\t\t\t\t\t\t<\/div>\n\t\t\t\t\t\t\t\t\t\t\t\t\t\t\t<div class=\"perfect_carousel_item\">\n\t\t\t\t  \t<img decoding=\"async\" src=\"https:\/\/acent.de\/wp-content\/uploads\/2025\/07\/motor-5.jpg\" alt=\"\">\n\t\t\t\t\t\t\t\t\t<\/div>\n\t\t\t\t\t\t\t\t\t\t\t\t\t\t\t<div class=\"perfect_carousel_item\">\n\t\t\t\t  \t<img decoding=\"async\" src=\"https:\/\/acent.de\/wp-content\/uploads\/2025\/07\/motor-6.jpg\" alt=\"\">\n\t\t\t\t\t\t\t\t\t<\/div>\n\t\t\t\t\t\t\t   \n\t\t\t<\/div>\n\t\t<\/div>\n   \n\n\n\n\n<div style=\"height:30px\" aria-hidden=\"true\" class=\"wp-block-spacer\"><\/div>\n\n\n\n<h2 class=\"wp-block-heading\"><strong>Infos zur Anfahrt<\/strong><\/h2>\n\n\n\n<p><strong>Adresse:<\/strong><br>Butzweilerstra\u00dfe 35-39<br>50829 K\u00f6ln<\/p>\n\n\n\n<p><strong>Anreise mit dem Auto:<\/strong><br>Die Location ist bequem \u00fcber die A1 (Ausfahrt K\u00f6ln-Bocklem\u00fcnd) erreichbar. Vor Ort stehen ausreichend Parkpl\u00e4tze zur Verf\u00fcgung. Das Parken kostet 11 \u20ac pro Tag.<\/p>\n\n\n\n<p><strong>Anreise mit \u00f6ffentlichen Verkehrsmitteln:<\/strong><br>Ab K\u00f6ln Hauptbahnhof mit der U-Bahn-Linie 5 Richtung Ossendorf bis Haltestelle &#8220;Alter Flughafen Butzweilerhof&#8221;. Von dort sind es ca. 3 Minuten Fu\u00dfweg.<\/p>\n\n\n\n<div style=\"height:30px\" aria-hidden=\"true\" class=\"wp-block-spacer\"><\/div>\n\n\n\n<div style=\"height:364px\" aria-hidden=\"true\" class=\"wp-block-spacer\"><\/div>\n\n\n\n<div style=\"height:100px\" aria-hidden=\"true\" class=\"wp-block-spacer\"><\/div>\n\n\n\n<h2 class=\"wp-block-heading\">Hotelempfehlungen<\/h2>\n\n\n\n<div style=\"height:100px\" aria-hidden=\"true\" class=\"wp-block-spacer\"><\/div>\n\n\n\n<figure class=\"wp-block-table no-borders\">\n  <table class=\"has-fixed-layout\" style=\"border: none; border-collapse: collapse;\">\n    <tbody>\n      <tr>\n        <td style=\"border: none;\"><\/td>\n        <td class=\"has-text-align-center\" data-align=\"center\" style=\"border: none;\">\n          <strong>V8 Hotel K\u00f6ln<\/strong><br>\n          Butzweilerstrasse 35-39<br>\n          50829 K\u00f6ln<br>\n          <a href=\"https:\/\/www.hotelsone.com\/cologne-hotels-de\/v8-hotel-koln.de.html?cur=EUR&amp;uid=33dc1eb4-8831-450c-9ba5-4718275d15b4&amp;gclid=CjwKCAjw4efDBhATEiwAaDBpbvgdrY9eAcnZKVyZt9YXAV4jNwFvndOCXEAw4ivGse7geS4eXBtAQBoC_loQAvD_BwE\">Zur Webseite<\/a>\n        <\/td>\n        <td class=\"has-text-align-center\" data-align=\"center\" style=\"border: none;\">\n          <strong>Urban Loft K\u00f6ln<\/strong><br> \n          Eigelstein 41<br> \n          50668 K\u00f6ln<br> \n          <a href=\"https:\/\/www.urbanlofthotels.com\/cologne\">Zur Webseite<\/a><br>\n          Distanz zu Motorworld: 10 min (Auto), 40 min (\u00d6ffentliche Verkehrsmittel)\n        <\/td>\n        <td style=\"border: none;\"><\/td>\n      <\/tr>\n      <tr>\n        <td style=\"border: none;\"><\/td>\n        <td class=\"has-text-align-center\" data-align=\"center\" style=\"border: none;\">\n          <strong>25hours Hotel K\u00f6ln <br>The Circle <\/strong><br>\n          Im Klapperhof 22-24<br>50670 K\u00f6ln<br>\n          <a href=\"https:\/\/25hours-hotels.com\/de\/cologne\/the-circle\/\">Zur Webseite<\/a><br>\n          Distanz zu Motorworld: 10 min (Auto), 40 min (\u00d6ffentliche Verkehrsmittel)\n        <\/td>\n        <td class=\"has-text-align-center\" data-align=\"center\" style=\"border: none;\"><\/td>\n        <td style=\"border: none;\"><\/td>\n      <\/tr>\n    <\/tbody>\n  <\/table>\n<\/figure>\n\n\n\n<div style=\"height:100px\" aria-hidden=\"true\" class=\"wp-block-spacer\"><\/div>\n\n\n\n<div style=\"height:368px\" aria-hidden=\"true\" class=\"wp-block-spacer\"><\/div>\n\n\n\n<h2 class=\"wp-block-heading\">Fragen beantworten wir Ihnen gerne<\/h2>\n\n\n\n<p><\/p>\n","protected":false},"excerpt":{"rendered":"<p>In unserem n\u00e4chsten ACENT TechDay widmen wir uns dem essentiellen Thema der Cloud Souver\u00e4nit\u00e4t. In einer Zeit, in der digitale Transformation und Cloud-Technologien das R\u00fcckgrat moderner Gesch\u00e4ftsprozesse bilden, wird die Kontrolle \u00fcber eigene Daten und IT-Infrastrukturen zu einem kritischen Erfolgsfaktor. Die steigenden Anforderungen an Datenschutz, Compliance und die Unabh\u00e4ngigkeit von gro\u00dfen Cloud-Anbietern zwingen Unternehmen und [&hellip;]<\/p>\n","protected":false},"author":19,"featured_media":0,"parent":0,"menu_order":0,"comment_status":"closed","ping_status":"closed","template":"","meta":{"_acf_changed":false,"footnotes":""},"class_list":["post-23351","page","type-page","status-publish","hentry"],"acf":[],"yoast_head":"<!-- This site is optimized with the Yoast SEO plugin v27.5 - https:\/\/yoast.com\/product\/yoast-seo-wordpress\/ -->\n<title>ACENT TechDay 2025 - ACENT AG<\/title>\n<meta name=\"description\" content=\"ACENT AG - In unserem n\u00e4chsten ACENT TechDay widmen wir uns dem essentiellen Thema der Cloud Souver\u00e4nit\u00e4t. In einer Zeit, in der digitale Transformation und\" \/>\n<meta name=\"robots\" content=\"index, follow, max-snippet:-1, max-image-preview:large, max-video-preview:-1\" \/>\n<link rel=\"canonical\" href=\"https:\/\/acent.de\/en\/techday2025\/\" \/>\n<meta property=\"og:locale\" content=\"en_US\" \/>\n<meta property=\"og:type\" content=\"article\" \/>\n<meta property=\"og:title\" content=\"ACENT TechDay 2025 - ACENT AG\" \/>\n<meta property=\"og:description\" content=\"ACENT AG - In unserem n\u00e4chsten ACENT TechDay widmen wir uns dem essentiellen Thema der Cloud Souver\u00e4nit\u00e4t. In einer Zeit, in der digitale Transformation und\" \/>\n<meta property=\"og:url\" content=\"https:\/\/acent.de\/en\/techday2025\/\" \/>\n<meta property=\"og:site_name\" content=\"ACENT AG\" \/>\n<meta property=\"article:modified_time\" content=\"2025-10-31T08:53:03+00:00\" \/>\n<meta name=\"twitter:label1\" content=\"Est. reading time\" \/>\n\t<meta name=\"twitter:data1\" content=\"4 minutes\" \/>\n<script type=\"application\/ld+json\" class=\"yoast-schema-graph\">{\"@context\":\"https:\\\/\\\/schema.org\",\"@graph\":[{\"@type\":\"WebPage\",\"@id\":\"https:\\\/\\\/acent.de\\\/en\\\/techday2025\\\/\",\"url\":\"https:\\\/\\\/acent.de\\\/en\\\/techday2025\\\/\",\"name\":\"ACENT TechDay 2025 - ACENT AG\",\"isPartOf\":{\"@id\":\"https:\\\/\\\/acent.de\\\/en\\\/#website\"},\"datePublished\":\"2025-07-16T09:11:43+00:00\",\"dateModified\":\"2025-10-31T08:53:03+00:00\",\"description\":\"ACENT AG - In unserem n\u00e4chsten ACENT TechDay widmen wir uns dem essentiellen Thema der Cloud Souver\u00e4nit\u00e4t. In einer Zeit, in der digitale Transformation und\",\"breadcrumb\":{\"@id\":\"https:\\\/\\\/acent.de\\\/en\\\/techday2025\\\/#breadcrumb\"},\"inLanguage\":\"en-US\",\"potentialAction\":[{\"@type\":\"ReadAction\",\"target\":[\"https:\\\/\\\/acent.de\\\/en\\\/techday2025\\\/\"]}]},{\"@type\":\"BreadcrumbList\",\"@id\":\"https:\\\/\\\/acent.de\\\/en\\\/techday2025\\\/#breadcrumb\",\"itemListElement\":[{\"@type\":\"ListItem\",\"position\":1,\"name\":\"Startseite\",\"item\":\"https:\\\/\\\/acent.de\\\/en\\\/\"},{\"@type\":\"ListItem\",\"position\":2,\"name\":\"ACENT TechDay 2025\"}]},{\"@type\":\"WebSite\",\"@id\":\"https:\\\/\\\/acent.de\\\/en\\\/#website\",\"url\":\"https:\\\/\\\/acent.de\\\/en\\\/\",\"name\":\"ACENT AG\",\"description\":\"Wir beraten CIOs\",\"publisher\":{\"@id\":\"https:\\\/\\\/acent.de\\\/en\\\/#organization\"},\"potentialAction\":[{\"@type\":\"SearchAction\",\"target\":{\"@type\":\"EntryPoint\",\"urlTemplate\":\"https:\\\/\\\/acent.de\\\/en\\\/?s={search_term_string}\"},\"query-input\":{\"@type\":\"PropertyValueSpecification\",\"valueRequired\":true,\"valueName\":\"search_term_string\"}}],\"inLanguage\":\"en-US\"},{\"@type\":\"Organization\",\"@id\":\"https:\\\/\\\/acent.de\\\/en\\\/#organization\",\"name\":\"ACENT AG\",\"url\":\"https:\\\/\\\/acent.de\\\/en\\\/\",\"logo\":{\"@type\":\"ImageObject\",\"inLanguage\":\"en-US\",\"@id\":\"https:\\\/\\\/acent.de\\\/en\\\/#\\\/schema\\\/logo\\\/image\\\/\",\"url\":\"https:\\\/\\\/acent.de\\\/wp-content\\\/uploads\\\/2017\\\/05\\\/1507_Acent-Logo-neu_OK.jpg\",\"contentUrl\":\"https:\\\/\\\/acent.de\\\/wp-content\\\/uploads\\\/2017\\\/05\\\/1507_Acent-Logo-neu_OK.jpg\",\"width\":354,\"height\":63,\"caption\":\"ACENT AG\"},\"image\":{\"@id\":\"https:\\\/\\\/acent.de\\\/en\\\/#\\\/schema\\\/logo\\\/image\\\/\"}}]}<\/script>\n<!-- \/ Yoast SEO plugin. -->","yoast_head_json":{"title":"ACENT TechDay 2025 - ACENT AG","description":"ACENT AG - In unserem n\u00e4chsten ACENT TechDay widmen wir uns dem essentiellen Thema der Cloud Souver\u00e4nit\u00e4t. In einer Zeit, in der digitale Transformation und","robots":{"index":"index","follow":"follow","max-snippet":"max-snippet:-1","max-image-preview":"max-image-preview:large","max-video-preview":"max-video-preview:-1"},"canonical":"https:\/\/acent.de\/en\/techday2025\/","og_locale":"en_US","og_type":"article","og_title":"ACENT TechDay 2025 - ACENT AG","og_description":"ACENT AG - In unserem n\u00e4chsten ACENT TechDay widmen wir uns dem essentiellen Thema der Cloud Souver\u00e4nit\u00e4t. In einer Zeit, in der digitale Transformation und","og_url":"https:\/\/acent.de\/en\/techday2025\/","og_site_name":"ACENT AG","article_modified_time":"2025-10-31T08:53:03+00:00","twitter_misc":{"Est. reading time":"4 minutes"},"schema":{"@context":"https:\/\/schema.org","@graph":[{"@type":"WebPage","@id":"https:\/\/acent.de\/en\/techday2025\/","url":"https:\/\/acent.de\/en\/techday2025\/","name":"ACENT TechDay 2025 - ACENT AG","isPartOf":{"@id":"https:\/\/acent.de\/en\/#website"},"datePublished":"2025-07-16T09:11:43+00:00","dateModified":"2025-10-31T08:53:03+00:00","description":"ACENT AG - In unserem n\u00e4chsten ACENT TechDay widmen wir uns dem essentiellen Thema der Cloud Souver\u00e4nit\u00e4t. In einer Zeit, in der digitale Transformation und","breadcrumb":{"@id":"https:\/\/acent.de\/en\/techday2025\/#breadcrumb"},"inLanguage":"en-US","potentialAction":[{"@type":"ReadAction","target":["https:\/\/acent.de\/en\/techday2025\/"]}]},{"@type":"BreadcrumbList","@id":"https:\/\/acent.de\/en\/techday2025\/#breadcrumb","itemListElement":[{"@type":"ListItem","position":1,"name":"Startseite","item":"https:\/\/acent.de\/en\/"},{"@type":"ListItem","position":2,"name":"ACENT TechDay 2025"}]},{"@type":"WebSite","@id":"https:\/\/acent.de\/en\/#website","url":"https:\/\/acent.de\/en\/","name":"ACENT AG","description":"Wir beraten CIOs","publisher":{"@id":"https:\/\/acent.de\/en\/#organization"},"potentialAction":[{"@type":"SearchAction","target":{"@type":"EntryPoint","urlTemplate":"https:\/\/acent.de\/en\/?s={search_term_string}"},"query-input":{"@type":"PropertyValueSpecification","valueRequired":true,"valueName":"search_term_string"}}],"inLanguage":"en-US"},{"@type":"Organization","@id":"https:\/\/acent.de\/en\/#organization","name":"ACENT AG","url":"https:\/\/acent.de\/en\/","logo":{"@type":"ImageObject","inLanguage":"en-US","@id":"https:\/\/acent.de\/en\/#\/schema\/logo\/image\/","url":"https:\/\/acent.de\/wp-content\/uploads\/2017\/05\/1507_Acent-Logo-neu_OK.jpg","contentUrl":"https:\/\/acent.de\/wp-content\/uploads\/2017\/05\/1507_Acent-Logo-neu_OK.jpg","width":354,"height":63,"caption":"ACENT AG"},"image":{"@id":"https:\/\/acent.de\/en\/#\/schema\/logo\/image\/"}}]}},"_links":{"self":[{"href":"https:\/\/acent.de\/en\/wp-json\/wp\/v2\/pages\/23351","targetHints":{"allow":["GET"]}}],"collection":[{"href":"https:\/\/acent.de\/en\/wp-json\/wp\/v2\/pages"}],"about":[{"href":"https:\/\/acent.de\/en\/wp-json\/wp\/v2\/types\/page"}],"author":[{"embeddable":true,"href":"https:\/\/acent.de\/en\/wp-json\/wp\/v2\/users\/19"}],"replies":[{"embeddable":true,"href":"https:\/\/acent.de\/en\/wp-json\/wp\/v2\/comments?post=23351"}],"version-history":[{"count":79,"href":"https:\/\/acent.de\/en\/wp-json\/wp\/v2\/pages\/23351\/revisions"}],"predecessor-version":[{"id":23939,"href":"https:\/\/acent.de\/en\/wp-json\/wp\/v2\/pages\/23351\/revisions\/23939"}],"wp:attachment":[{"href":"https:\/\/acent.de\/en\/wp-json\/wp\/v2\/media?parent=23351"}],"curies":[{"name":"wp","href":"https:\/\/api.w.org\/{rel}","templated":true}]}}